{"id":181,"date":"2018-10-01T14:01:03","date_gmt":"2018-10-01T12:01:03","guid":{"rendered":"https:\/\/www.ses-sterling.com\/blog\/?page_id=181"},"modified":"2023-09-26T13:09:17","modified_gmt":"2023-09-26T11:09:17","slug":"protection-donnees-personnelles","status":"publish","type":"page","link":"https:\/\/www.ses-sterling.com\/blog\/protection-donnees-personnelles\/","title":{"rendered":"Protection des donn\u00e9es personnelles"},"content":{"rendered":"<p><em>Mise \u00e0 jour : Mai 2018<\/em><\/p>\n<p>SES-STERLING s\u2019engage \u00e0 ce que la collecte et le traitement de vos donn\u00e9es, soient conformes au r\u00e8glement g\u00e9n\u00e9ral sur la protection des donn\u00e9es (RGPD).<\/p>\n<h2><strong>Types de donn\u00e9es \u00e0 caract\u00e8re personnel collect\u00e9es, finalit\u00e9 de la collecte, <\/strong><strong>dur\u00e9e de conservation<\/strong><\/h2>\n<p>Nous collectons divers types de donn\u00e9es \u00e0 caract\u00e8re personnel sur nos sites internet, par contact direct (e-mail, t\u00e9l\u00e9phone, rencontre).<\/p>\n<h3>Informations que vous nous fournissez volontairement<\/h3>\n\n<table id=\"tablepress-1\" class=\"tablepress tablepress-id-1\">\n<thead>\n<tr class=\"row-1\">\n\t<th class=\"column-1\">Type de donn\u00e9es<\/th><th class=\"column-2\">Finalit\u00e9<\/th><th class=\"column-3\">Dur\u00e9e de conservation<\/th>\n<\/tr>\n<\/thead>\n<tbody class=\"row-striping row-hover\">\n<tr class=\"row-2\">\n\t<td class=\"column-1\">Vos coordonn\u00e9es : nom, pr\u00e9nom, num\u00e9ros de t\u00e9l\u00e9phone, adresse e-mail<\/td><td class=\"column-2\">Traitement de vos commandes<br \/>\nProspection<\/td><td class=\"column-3\">Dur\u00e9e de la relation commerciale + 3 ans<\/td>\n<\/tr>\n<tr class=\"row-3\">\n\t<td class=\"column-1\">Login et mot de passe de connexion<\/td><td class=\"column-2\">Gestion de votre espace priv\u00e9 sur le site internet<br \/>\nGestion des vos commandes en ligne<\/td><td class=\"column-3\">Dur\u00e9e d\u2019activit\u00e9 du compte + 3 ans<\/td>\n<\/tr>\n<tr class=\"row-4\">\n\t<td class=\"column-1\">Informations sur les produits et services qui vous int\u00e9ressent<\/td><td class=\"column-2\">Traitement de vos demandes<\/td><td class=\"column-3\">Dur\u00e9e de la relation commerciale + 3 ans<\/td>\n<\/tr>\n<tr class=\"row-5\">\n\t<td class=\"column-1\">CV et candidatures<\/td><td class=\"column-2\">Proc\u00e9dure de recrutement<\/td><td class=\"column-3\">Dur\u00e9e de traitement du recrutement concern\u00e9 + 2 ans<\/td>\n<\/tr>\n<\/tbody>\n<\/table>\n<!-- #tablepress-1 from cache -->\n<h3>Informations que nous collectons automatiquement<\/h3>\n<p>Lorsque vous visitez l\u2019un de nos sites internet, nous collectons certaines informations automatiquement \u00e0 partir de l\u2019\u00e9quipement utilis\u00e9 pour la connexion (adresse IP, type d\u2019appareil, type de navigateur, localisation g\u00e9ographique g\u00e9n\u00e9rale (pays).<\/p>\n<p>Nous pouvons \u00e9galement collecter des informations sur la mani\u00e8re dont votre appareil a interagi avec le site internet visit\u00e9, notamment les pages consult\u00e9es et les liens sur lesquels vous avez cliqu\u00e9.<\/p>\n<p>La collecte de ces informations nous permet de mieux comprendre qui sont les visiteurs qui visitent nos sites internet afin d\u2019am\u00e9liorer la qualit\u00e9 et la pertinence des informations que nous fournissons \u00e0 nos visiteurs.<br \/>\nPour assurez cette collecte, nous avons recours au logiciel Matomo (anciennement Piwik), s\u00e9lectionn\u00e9 notamment pour son respect des donn\u00e9es personnelles.<\/p>\n\n<table id=\"tablepress-2\" class=\"tablepress tablepress-id-2\">\n<thead>\n<tr class=\"row-1\">\n\t<th class=\"column-1\">Cookies<\/th><th class=\"column-2\">Finalit\u00e9<\/th><th class=\"column-3\">Dur\u00e9e de conservation<\/th>\n<\/tr>\n<\/thead>\n<tbody class=\"row-striping row-hover\">\n<tr class=\"row-2\">\n\t<td class=\"column-1\"><\/td><td class=\"column-2\">Statistiques web<\/td><td class=\"column-3\">30 min.<\/td>\n<\/tr>\n<tr class=\"row-3\">\n\t<td class=\"column-1\"><\/td><td class=\"column-2\">Statistiques web<\/td><td class=\"column-3\">13 mois<\/td>\n<\/tr>\n<tr class=\"row-4\">\n\t<td class=\"column-1\"><\/td><td class=\"column-2\">Cookie permettant d'indiquer que vous vous opposez au suivi statistique<\/td><td class=\"column-3\">13 mois<\/td>\n<\/tr>\n<\/tbody>\n<\/table>\n<!-- #tablepress-2 from cache -->\n<p>Nous d\u00e9posons \u00e9galement des cookies n\u00e9cessaire pour permettre le bon fonctionnement de nos sites internet\u00a0:<\/p>\n\n<table id=\"tablepress-3\" class=\"tablepress tablepress-id-3\">\n<thead>\n<tr class=\"row-1\">\n\t<th class=\"column-1\">Cookies<\/th><th class=\"column-2\">Finalit\u00e9<\/th><th class=\"column-3\">Dur\u00e9e de conservation<\/th>\n<\/tr>\n<\/thead>\n<tbody class=\"row-striping row-hover\">\n<tr class=\"row-2\">\n\t<td class=\"column-1\">Lang, Pays<\/td><td class=\"column-2\">M\u00e9moriser vos pr\u00e9f\u00e9rences (pays et langues pr\u00e9f\u00e9r\u00e9s)<\/td><td class=\"column-3\">Illimit\u00e9e<\/td>\n<\/tr>\n<tr class=\"row-3\">\n\t<td class=\"column-1\"><\/td><td class=\"column-2\">D\u00e9termine si le navigateur accepte Javascript<\/td><td class=\"column-3\">Dur\u00e9e de la session<\/td>\n<\/tr>\n<\/tbody>\n<\/table>\n<!-- #tablepress-3 from cache -->\n<p>Les donn\u00e9es personnelles sont supprim\u00e9es\u00a0:<\/p>\n<ul>\n<li>lorsqu\u2019elles ne sont plus n\u00e9cessaires<\/li>\n<li>lorsque la dur\u00e9e de conservation a expir\u00e9<\/li>\n<li>lorsque vous nous le demandez<\/li>\n<\/ul>\n<p>Cependant, le stockage peut-\u00eatre prolong\u00e9 si cela est n\u00e9cessaire pour respecter des exigences l\u00e9gales, fiscales ou comptables.<\/p>\n<h2><b>Cas particulier des Cookies tiers<\/b><\/h2>\n<p>Nos sites internet \u00e9tablissent des liens vers des services propos\u00e9s par des sites tiers, notamment :<\/p>\n<ul>\n<li>vers les r\u00e9seaux sociaux (LinkedIn, Facebook et Google+)<\/li>\n<li>vers des vid\u00e9os h\u00e9berg\u00e9es sur Youtube<\/li>\n<\/ul>\n<p>Ces fonctionnalit\u00e9s utilisent des cookies tiers directement d\u00e9pos\u00e9s par ces services. Si vous voulez en savoir plus sur les informations accessibles par vos contacts sur ces sites et sur la fa\u00e7on de limiter leur communication, nous vous invitons \u00e0 lire leurs conditions d\u2019utilisation et leurs politiques de protection des donn\u00e9es.<\/p>\n<h2><b>Divulgation de<\/b><strong> vos donn\u00e9es \u00e0 caract\u00e8re personnel<\/strong><\/h2>\n<p>Nous nous engageons \u00e0 ne pas transmettre les donn\u00e9es collect\u00e9es \u00e0 des organismes tiers. Les donn\u00e9es collect\u00e9es le sont exclusivement pour notre usage interne.<br \/>\nSeule exception envisageable\u00a0: une demande d\u2019un organisme gouvernemental, d\u2019un tribunal en vue de r\u00e9pondre \u00e0 une obligation l\u00e9gale.<strong><br \/>\n<\/strong><\/p>\n<h2><strong>Localisation de <\/strong><strong>vos donn\u00e9es \u00e0 caract\u00e8re personnel<\/strong><\/h2>\n<p>Les donn\u00e9es collect\u00e9es sont stock\u00e9es sur des serveurs situ\u00e9s exclusivement dans l\u2019UE (principalement en France), qu\u2019il s\u2019agisse de notre propre infrastructure ou de serveurs h\u00e9berg\u00e9s.<strong><br \/>\n<\/strong><\/p>\n<h2><strong>P<\/strong><strong>rot<\/strong><strong>ection de <\/strong><strong>vos donn\u00e9es \u00e0 caract\u00e8re personnel<\/strong><\/h2>\n<p>Nous nous engageons \u00e0 assurer la protection de vos donn\u00e9es \u00e0 caract\u00e8re personnel.<br \/>\nPour cela nous mettons en \u0153uvre des mesures de protection pour pr\u00e9server la confidentialit\u00e9 et la s\u00e9curit\u00e9 des donn\u00e9es \u00e0 caract\u00e8re personnel.<\/p>\n<h2><strong>V<\/strong><strong>os droits en mati\u00e8re de confidentialit\u00e9 des donn\u00e9es et comment les exercer\u00a0?<\/strong><\/h2>\n<p>Vous disposez des droits suivants en vertu des lois applicables \u00e0 la protection des donn\u00e9es :<\/p>\n<ul>\n<li>Droit d\u2019acc\u00e8s \u00e0 vos donn\u00e9es.<\/li>\n<li>Droit de rectification de vos donn\u00e9es.<\/li>\n<li>Droit d\u2019effacement de vos donn\u00e9es<\/li>\n<li>Vous pouvez \u00e9galement vous opposer au traitement de vos donn\u00e9es, ou nous demander d\u2019en limiter le traitement.<\/li>\n<li>Vous avez le droit de vous d\u00e9sabonner \u00e0 tout moment et sans frais des communications marketing que nous vous envoyons.<br \/>\nVous pouvez exercer ce droit en cliquant sur le lien \u00ab\u00a0d\u00e9sabonnement\u00a0\u00bb ou \u00ab\u00a0d\u00e9sinscription\u00a0\u00bb dans les e-mails marketing que nous vous envoyons.<br \/>\nPour refuser d\u2019autres formes de marketing (comme le marketing postal ou le t\u00e9l\u00e9marketing), veuillez nous contacter en utilisant les coordonn\u00e9es indiqu\u00e9es dans la section \u00ab\u00a0Nous contacter\u00a0\u00bb ci-apr\u00e8s.<\/li>\n<\/ul>\n<p>Vous pouvez exercer \u00e0 tout moment l\u2019un des droits d\u00e9crits ci-dessus en nous contactant comme indiqu\u00e9 dans la rubrique \u00ab\u00a0Nous contacter\u00a0\u00bb en bas de page. Nous r\u00e9pondrons \u00e0 votre demande conform\u00e9ment aux lois applicables sur la protection des donn\u00e9es.<\/p>\n<h2><strong>Liens externes<\/strong><\/h2>\n<p>Les sites internet tiers, accessibles via des liens depuis nos sites internet, ne sont pas couverts par notre politique de protection des donn\u00e9es. Nous ne sommes pas responsables de la collecte qui est faite en ligne sur des sites internet tiers. Nous vous recommandons de lire les notes relatives au respect de la vie priv\u00e9e affich\u00e9es sur ces sites afin de comprendre leurs proc\u00e9dures de collecte, d\u2019utilisation et de divulgation des donn\u00e9es \u00e0 caract\u00e8re personnel.<\/p>\n<h2><strong>Nous contacter<\/strong><\/h2>\n<p>Pour toute question, r\u00e9clamations ou tous probl\u00e8mes concernant vos donn\u00e9es personnelles, ou si vous souhaitez exercer vos droits comme indiqu\u00e9 ci-dessus, nous vous invitons \u00e0 nous contacter\u00a0:<\/p>\n<ul>\n<li>Par courrier \u00e0 :<br \/>\nSES-STERLING SA<br \/>\nTraitement des Donn\u00e9es Personnelles<br \/>\n1 rue du Technoparc<br \/>\n68220 H\u00e9singue<\/li>\n<\/ul>\n<ul>\n<li>Par e-mail \u00e0 <a href=\"mailto:data-privacy@ses-sterling.com\">data-privacy@ses-sterling.com<\/a><\/li>\n<\/ul>\n","protected":false},"excerpt":{"rendered":"<p>Mise \u00e0 jour : Mai 2018 SES-STERLING s\u2019engage \u00e0 ce que la collecte et le traitement de vos donn\u00e9es, soient conformes au r\u00e8glement g\u00e9n\u00e9ral sur la protection des donn\u00e9es (RGPD). Types de donn\u00e9es \u00e0 caract\u00e8re personnel collect\u00e9es, finalit\u00e9 de la collecte, dur\u00e9e de conservation Nous collectons divers types de donn\u00e9es \u00e0 caract\u00e8re personnel sur nos &hellip; <\/p>\n<p class=\"link-more\"><a href=\"https:\/\/www.ses-sterling.com\/blog\/protection-donnees-personnelles\/\" class=\"more-link\">Continuer la lecture<span class=\"screen-reader-text\"> de &laquo;&nbsp;Protection des donn\u00e9es personnelles&nbsp;&raquo;<\/span><\/a><\/p>\n<p class=\"link-more\"><a href=\"https:\/\/www.ses-sterling.com\/blog\/protection-donnees-personnelles\/\">Lire la suite<span class=\"screen-reader-text\"> &#8220;Protection des donn\u00e9es personnelles&#8221;<\/span><\/a><\/p>\n","protected":false},"author":1,"featured_media":0,"parent":0,"menu_order":0,"comment_status":"closed","ping_status":"closed","template":"","meta":{"om_disable_all_campaigns":false,"_uag_custom_page_level_css":"","advgb_blocks_editor_width":"","advgb_blocks_columns_visual_guide":"","_monsterinsights_skip_tracking":false,"_monsterinsights_sitenote_active":false,"_monsterinsights_sitenote_note":"","_monsterinsights_sitenote_category":0,"footnotes":""},"class_list":["post-181","page","type-page","status-publish","hentry"],"aioseo_notices":[],"uagb_featured_image_src":{"full":false,"thumbnail":false,"medium":false,"medium_large":false,"large":false,"1536x1536":false,"2048x2048":false,"twentyseventeen-featured-image":false,"twentyseventeen-thumbnail-avatar":false,"sow-carousel-default":false},"uagb_author_info":{"display_name":"admin","author_link":"https:\/\/www.ses-sterling.com\/blog\/author\/admin\/"},"uagb_comment_info":0,"uagb_excerpt":"Mise \u00e0 jour : Mai 2018 SES-STERLING s\u2019engage \u00e0 ce que la collecte et le traitement de vos donn\u00e9es, soient conformes au r\u00e8glement g\u00e9n\u00e9ral sur la protection des donn\u00e9es (RGPD). Types de donn\u00e9es \u00e0 caract\u00e8re personnel collect\u00e9es, finalit\u00e9 de la collecte, dur\u00e9e de conservation Nous collectons divers types de donn\u00e9es \u00e0 caract\u00e8re personnel sur nos\u2026","coauthors":[],"author_meta":{"author_link":"https:\/\/www.ses-sterling.com\/blog\/author\/admin\/","display_name":"admin"},"relative_dates":{"created":"Publi\u00e9 8 ans il y a","modified":"Mis \u00e0 jour 3 ans il y a"},"absolute_dates":{"created":"Publi\u00e9 le 1 octobre 2018","modified":"Mise \u00e0 jour le 26 septembre 2023"},"absolute_dates_time":{"created":"Publi\u00e9 le 1 octobre 2018 14:01","modified":"Mise \u00e0 jour le 26 septembre 2023 13:09"},"featured_img_caption":"","featured_img":false,"series_order":"","_links":{"self":[{"href":"https:\/\/www.ses-sterling.com\/blog\/wp-json\/wp\/v2\/pages\/181","targetHints":{"allow":["GET"]}}],"collection":[{"href":"https:\/\/www.ses-sterling.com\/blog\/wp-json\/wp\/v2\/pages"}],"about":[{"href":"https:\/\/www.ses-sterling.com\/blog\/wp-json\/wp\/v2\/types\/page"}],"author":[{"embeddable":true,"href":"https:\/\/www.ses-sterling.com\/blog\/wp-json\/wp\/v2\/users\/1"}],"replies":[{"embeddable":true,"href":"https:\/\/www.ses-sterling.com\/blog\/wp-json\/wp\/v2\/comments?post=181"}],"version-history":[{"count":6,"href":"https:\/\/www.ses-sterling.com\/blog\/wp-json\/wp\/v2\/pages\/181\/revisions"}],"predecessor-version":[{"id":37799,"href":"https:\/\/www.ses-sterling.com\/blog\/wp-json\/wp\/v2\/pages\/181\/revisions\/37799"}],"wp:attachment":[{"href":"https:\/\/www.ses-sterling.com\/blog\/wp-json\/wp\/v2\/media?parent=181"}],"curies":[{"name":"wp","href":"https:\/\/api.w.org\/{rel}","templated":true}]}}